{"id":1177,"date":"2017-10-11T10:25:20","date_gmt":"2017-10-11T10:25:20","guid":{"rendered":"http:\/\/cellerdalmau.es\/ca\/?page_id=1177"},"modified":"2017-10-11T10:25:20","modified_gmt":"2017-10-11T10:25:20","slug":"petit-negre-2015","status":"publish","type":"page","link":"https:\/\/cellerdalmau.es\/ca\/petit-negre-2015\/","title":{"rendered":"Petit negre 2015"},"content":{"rendered":"<section class=\"l-section wpb_row height_small with_img\"><div class=\"l-section-img\" style=\"background-image: url(https:\/\/i1.wp.com\/cellerdalmau.es\/wp-content\/uploads\/2017\/09\/alex-holyoake-1399022-1.jpg?fit=2000%2C300&ssl=1);\" data-img-width=\"2000\" data-img-height=\"300\"><\/div><div class=\"l-section-h i-cf\"><div class=\"g-cols vc_row type_default valign_top\"><div class=\"vc_col-sm-12 wpb_column vc_column_container\"><div class=\"vc_column-inner\"><div class=\"wpb_wrapper\">[vc_empty_space]<\/div><\/div><\/div><\/div><\/div><\/section><section class=\"l-section wpb_row height_small\"><div class=\"l-section-h i-cf\"><div class=\"g-cols vc_row type_default valign_top\"><div class=\"vc_col-sm-6 wpb_column vc_column_container\"><div class=\"vc_column-inner\"><div class=\"wpb_wrapper\">\r\n\t<div class=\"wpb_text_column \">\r\n\t\t<div class=\"wpb_wrapper\">\r\n\t\t\t<h1 style=\"text-align: center;\">Petit negre 2015<\/h1>\n\r\n\t\t<\/div>\r\n\t<\/div>\r\n<div class=\"w-image align_center style_shadow-1 animate_afl\"><div class=\"w-image-h\"><a href=\"https:\/\/i1.wp.com\/cellerdalmau.es\/wp-content\/uploads\/2017\/09\/celler-dalmau-petit-negre-2015-184885.jpg?fit=300%2C500&#038;ssl=1\" ref=\"magnificPopup\"><img width=\"300\" height=\"500\" src=\"https:\/\/i1.wp.com\/cellerdalmau.es\/wp-content\/uploads\/2017\/09\/celler-dalmau-petit-negre-2015-184885.jpg?fit=300%2C500&amp;ssl=1\" class=\"attachment-large size-large\" alt=\"\" loading=\"lazy\" srcset=\"https:\/\/i1.wp.com\/cellerdalmau.es\/wp-content\/uploads\/2017\/09\/celler-dalmau-petit-negre-2015-184885.jpg?w=300&amp;ssl=1 300w, https:\/\/i1.wp.com\/cellerdalmau.es\/wp-content\/uploads\/2017\/09\/celler-dalmau-petit-negre-2015-184885.jpg?resize=180%2C300&amp;ssl=1 180w\" sizes=\"(max-width: 300px) 100vw, 300px\" data-attachment-id=\"467\" data-permalink=\"https:\/\/cellerdalmau.es\/vinos-tintos\/celler-dalmau-petit-negre-2015-184885\/\" data-orig-file=\"https:\/\/i1.wp.com\/cellerdalmau.es\/wp-content\/uploads\/2017\/09\/celler-dalmau-petit-negre-2015-184885.jpg?fit=300%2C500&amp;ssl=1\" data-orig-size=\"300,500\" data-comments-opened=\"1\" data-image-meta=\"{&quot;aperture&quot;:&quot;0&quot;,&quot;credit&quot;:&quot;&quot;,&quot;camera&quot;:&quot;&quot;,&quot;caption&quot;:&quot;&quot;,&quot;created_timestamp&quot;:&quot;0&quot;,&quot;copyright&quot;:&quot;&quot;,&quot;focal_length&quot;:&quot;0&quot;,&quot;iso&quot;:&quot;0&quot;,&quot;shutter_speed&quot;:&quot;0&quot;,&quot;title&quot;:&quot;&quot;,&quot;orientation&quot;:&quot;0&quot;}\" data-image-title=\"celler-dalmau-petit-negre-2015-184885\" data-image-description=\"\" data-medium-file=\"https:\/\/i1.wp.com\/cellerdalmau.es\/wp-content\/uploads\/2017\/09\/celler-dalmau-petit-negre-2015-184885.jpg?fit=180%2C300&amp;ssl=1\" data-large-file=\"https:\/\/i1.wp.com\/cellerdalmau.es\/wp-content\/uploads\/2017\/09\/celler-dalmau-petit-negre-2015-184885.jpg?fit=300%2C500&amp;ssl=1\" \/><\/a><\/div><\/div><div class=\"g-cols wpb_row type_default valign_top vc_inner \"><div class=\"vc_col-sm-12 wpb_column vc_column_container\"><div class=\"vc_column-inner\"><div class=\"wpb_wrapper\">[vc_empty_space]\r\n\t<div class=\"wpb_text_column \">\r\n\t\t<div class=\"wpb_wrapper\">\r\n\t\t\t<h4><span style=\"color: #f2ba66;\">Reserva el producte<\/span><\/h4>\n\r\n\t\t<\/div>\r\n\t<\/div>\r\n<div class=\"w-separator type_default size_small thick_1 style_solid color_border cont_none\"><span class=\"w-separator-h\"><\/span><\/div><\/div><\/div><\/div><\/div>[contact-form-7 404 \"Not Found\"]<\/div><\/div><\/div><div class=\"vc_col-sm-6 wpb_column vc_column_container\"><div class=\"vc_column-inner\"><div class=\"wpb_wrapper\">\r\n\t<div class=\"wpb_text_column \">\r\n\t\t<div class=\"wpb_wrapper\">\r\n\t\t\t<p>Vi elaborat amb les varietats de ra\u00efm Merlot i Cavernet Sauvignon procedents de la Finca Ca n&#8217;Estella.<\/p>\n<p>Es va desarrapar i trepitjar parcialment el ra\u00efm. Posteriorment es va encubar en tines d&#8217;acer inoxidable amb refrigeraci\u00f3 amb la finalitat de realitzar una fermentaci\u00f3 controlada al mateix moment de la maceraci\u00f3.<\/p>\n<p>La maceraci\u00f3 es va realitzar a fi d&#8217;extreure el m\u00e0xim color respectant la qualitat del ra\u00efm. Amb dos remuntatges diaris i un sacseig, es va procedir a trasbalsar el Vi novell i a premsar la brisa.<\/p>\n<p>Posteriorment es va dur a terme la fermentaci\u00f3 malol\u00e0ctica en dip\u00f2sits d&#8217;acer inoxidable.<br \/>\nAl mes de gener es va introduir el Vi en botes noves de roure franc\u00e8s on hi va romandre durant<br \/>\n4 mesos (crian\u00e7a oxidativa). A continuaci\u00f3 es buidaren les botes, s&#8217;estabilitz\u00e0 el Vi i s&#8217;embotell\u00e0 per a poder dur a terme la crian\u00e7a en ampolla (crian\u00e7a reductora).<\/p>\n<p><strong>FITXA T\u00c8CNICA<br \/>\n<\/strong><br \/>\n%Vol: 13<br \/>\nAcidesa total: 6 (g HZSo4\/l)<br \/>\npH: 3.5<\/p>\n<p><strong>NOTA DE TAST<\/strong><\/p>\n<p>Vi negre de capa alta, de color roig cirera amb reflexos rob\u00ed.<br \/>\nAlta pres\u00e8ncia de ll\u00e0grimes flnes, elegants i persistents.<br \/>\nDe gran intensitat arom\u00e0tica, destaca la pres\u00e8ncia de torrats i aromes especiats.<\/p>\n<p>De primera impressi\u00f3 agradable, evoluciona amb una gran untuositat i integraci\u00f3. Corpulent, de tanins d&#8217;alta qualitat, \u00e9s llarg i persistent.<\/p>\n<p><strong>GASTRONOMIA<\/strong><\/p>\n<p>Ideal per a acompanyar formatges molt curats i peces de ca\u00e7a.<br \/>\nServir entre 13 i 16\u00b0C.<\/p>\n\r\n\t\t<\/div>\r\n\t<\/div>\r\n<\/div><\/div><\/div><\/div><\/div><\/section>\n","protected":false},"excerpt":{"rendered":"[vc_empty_space] Petit negre 2015 [vc_empty_space] Reserva el producte [contact-form-7 404 \"Not Found\"] Vi elaborat amb les varietats de ra\u00efm Merlot i Cavernet Sauvignon procedents de la Finca Ca n'Estella. Es va desarrapar i trepitjar parcialment el ra\u00efm. Posteriorment es va encubar en tines d'acer inoxidable amb refrigeraci\u00f3 amb la finalitat de realitzar una fermentaci\u00f3 controlada...","protected":false},"author":1,"featured_media":0,"parent":0,"menu_order":0,"comment_status":"closed","ping_status":"closed","template":"","meta":{"spay_email":""},"jetpack_sharing_enabled":true,"jetpack_shortlink":"https:\/\/wp.me\/P9j7ef-iZ","jetpack_likes_enabled":true,"jetpack-related-posts":[],"_links":{"self":[{"href":"https:\/\/cellerdalmau.es\/ca\/wp-json\/wp\/v2\/pages\/1177"}],"collection":[{"href":"https:\/\/cellerdalmau.es\/ca\/wp-json\/wp\/v2\/pages"}],"about":[{"href":"https:\/\/cellerdalmau.es\/ca\/wp-json\/wp\/v2\/types\/page"}],"author":[{"embeddable":true,"href":"https:\/\/cellerdalmau.es\/ca\/wp-json\/wp\/v2\/users\/1"}],"replies":[{"embeddable":true,"href":"https:\/\/cellerdalmau.es\/ca\/wp-json\/wp\/v2\/comments?post=1177"}],"version-history":[{"count":1,"href":"https:\/\/cellerdalmau.es\/ca\/wp-json\/wp\/v2\/pages\/1177\/revisions"}],"predecessor-version":[{"id":1178,"href":"https:\/\/cellerdalmau.es\/ca\/wp-json\/wp\/v2\/pages\/1177\/revisions\/1178"}],"wp:attachment":[{"href":"https:\/\/cellerdalmau.es\/ca\/wp-json\/wp\/v2\/media?parent=1177"}],"curies":[{"name":"wp","href":"https:\/\/api.w.org\/{rel}","templated":true}]}}